{"id":256,"date":"2019-10-10T19:52:53","date_gmt":"2019-10-10T19:52:53","guid":{"rendered":"https:\/\/mire.gob.pa\/ministerio\/?page_id=256"},"modified":"2020-03-19T20:23:04","modified_gmt":"2020-03-19T20:23:04","slug":"portugal","status":"publish","type":"page","link":"https:\/\/mire.gob.pa\/ministerio\/portugal\/","title":{"rendered":"Portugal"},"content":{"rendered":"<div class=\"fusion-fullwidth fullwidth-box fusion-builder-row-1 nonhundred-percent-fullwidth non-hundred-percent-height-scrolling\" style=\"--awb-border-radius-top-left:0px;--awb-border-radius-top-right:0px;--awb-border-radius-bottom-right:0px;--awb-border-radius-bottom-left:0px;--awb-flex-wrap:wrap;\" ><div class=\"fusion-builder-row fusion-row\"><div class=\"fusion-layout-column fusion_builder_column fusion-builder-column-0 fusion_builder_column_1_5 1_5 fusion-one-fifth fusion-column-first\" style=\"--awb-bg-size:cover;width:20%;width:calc(20% - ( ( 4% + 4% ) * 0.2 ) );margin-right: 4%;\"><div class=\"fusion-column-wrapper fusion-column-has-shadow fusion-flex-column-wrapper-legacy\"><div class=\"fusion-title title fusion-title-1 fusion-sep-none fusion-title-text fusion-title-size-three\" style=\"--awb-margin-top:20px;--awb-margin-top-small:0px;--awb-margin-right-small:0px;--awb-margin-bottom-small:20px;--awb-margin-left-small:0px;\"><h3 class=\"fusion-title-heading title-heading-left\" style=\"margin:0;\"><h3><\/h3>\n<h3><strong>CONTINENTE<\/strong><\/h3><\/h3><\/div><div class=\"accordian fusion-accordian\" style=\"--awb-border-size:1px;--awb-icon-size:13px;--awb-content-font-size:16px;--awb-icon-alignment:left;--awb-hover-color:rgba(249,249,249,0);--awb-border-color:rgba(204,204,204,0);--awb-background-color:rgba(255,255,255,0);--awb-divider-color:#e0dede;--awb-divider-hover-color:#e0dede;--awb-icon-color:#ffffff;--awb-title-color:#3083c4;--awb-content-color:#4c4c4c;--awb-icon-box-color:#333333;--awb-toggle-hover-accent-color:#00366a;--awb-title-font-family:&quot;Avenir Roman&quot;;--awb-title-font-weight:700;--awb-title-font-style:normal;--awb-content-font-family:&quot;Avenir Roman&quot;;--awb-content-font-style:normal;--awb-content-font-weight:400;\"><div class=\"panel-group fusion-toggle-icon-boxed\" id=\"accordion-256-1\"><div class=\"fusion-panel panel-default panel-a757330eebf0a1025 fusion-toggle-has-divider\"><div class=\"panel-heading\"><h4 class=\"panel-title toggle\" id=\"toggle_a757330eebf0a1025\"><a aria-expanded=\"false\" aria-controls=\"a757330eebf0a1025\" role=\"button\" data-toggle=\"collapse\" data-parent=\"#accordion-256-1\" data-target=\"#a757330eebf0a1025\" href=\"#a757330eebf0a1025\"><span class=\"fusion-toggle-icon-wrapper\" aria-hidden=\"true\"><i class=\"fa-fusion-box active-icon awb-icon-minus\" aria-hidden=\"true\"><\/i><i class=\"fa-fusion-box inactive-icon awb-icon-plus\" aria-hidden=\"true\"><\/i><\/span><span class=\"fusion-toggle-heading\">Panam\u00e1<\/span><\/a><\/h4><\/div><div id=\"a757330eebf0a1025\" class=\"panel-collapse collapse \" aria-labelledby=\"toggle_a757330eebf0a1025\"><div class=\"panel-body toggle-content fusion-clearfix\">\n<p><a href=\"https:\/\/mire.gob.pa\/ministerio\/panama\/\">Directorio telef\u00f3nico de Canciller\u00eda\u00a0<\/a><\/p>\n<\/div><\/div><\/div><div class=\"fusion-panel panel-default panel-f395d3631b75d1911 fusion-toggle-has-divider\"><div class=\"panel-heading\"><h4 class=\"panel-title toggle\" id=\"toggle_f395d3631b75d1911\"><a aria-expanded=\"false\" aria-controls=\"f395d3631b75d1911\" role=\"button\" data-toggle=\"collapse\" data-parent=\"#accordion-256-1\" data-target=\"#f395d3631b75d1911\" href=\"#f395d3631b75d1911\"><span class=\"fusion-toggle-icon-wrapper\" aria-hidden=\"true\"><i class=\"fa-fusion-box active-icon awb-icon-minus\" aria-hidden=\"true\"><\/i><i class=\"fa-fusion-box inactive-icon awb-icon-plus\" aria-hidden=\"true\"><\/i><\/span><span class=\"fusion-toggle-heading\">\u00c1frica y Medio Oriente<\/span><\/a><\/h4><\/div><div id=\"f395d3631b75d1911\" class=\"panel-collapse collapse \" aria-labelledby=\"toggle_f395d3631b75d1911\"><div class=\"panel-body toggle-content fusion-clearfix\">\n<p><a href=\"https:\/\/mire.gob.pa\/ministerio\/egipto\/\">Egipto<\/a><\/p>\n<p><a href=\"https:\/\/mire.gob.pa\/ministerio\/emiratos-arabes-unidos\/\">Emiratos \u00c1rabes Unidos<\/a><\/p>\n<p><a href=\"https:\/\/mire.gob.pa\/ministerio\/estado-qatar\/\">Estado de Catar<\/a><\/p>\n<p><a href=\"https:\/\/mire.gob.pa\/ministerio\/israel\/\">Israel<\/a><\/p>\n<p><a href=\"https:\/\/mire.gob.pa\/ministerio\/jordania\/\">Jordania<\/a><\/p>\n<p><a href=\"https:\/\/mire.gob.pa\/ministerio\/marruecos\/\">Marruecos<\/a><\/p>\n<p><a href=\"https:\/\/mire.gob.pa\/ministerio\/sudafrica\/\">Sud\u00e1frica<\/a><\/p>\n<\/div><\/div><\/div><div class=\"fusion-panel panel-default panel-36043833d4a635715 fusion-toggle-has-divider\"><div class=\"panel-heading\"><h4 class=\"panel-title toggle\" id=\"toggle_36043833d4a635715\"><a aria-expanded=\"false\" aria-controls=\"36043833d4a635715\" role=\"button\" data-toggle=\"collapse\" data-parent=\"#accordion-256-1\" data-target=\"#36043833d4a635715\" href=\"#36043833d4a635715\"><span class=\"fusion-toggle-icon-wrapper\" aria-hidden=\"true\"><i class=\"fa-fusion-box active-icon awb-icon-minus\" aria-hidden=\"true\"><\/i><i class=\"fa-fusion-box inactive-icon awb-icon-plus\" aria-hidden=\"true\"><\/i><\/span><span class=\"fusion-toggle-heading\">Am\u00e9rica<\/span><\/a><\/h4><\/div><div id=\"36043833d4a635715\" class=\"panel-collapse collapse \" aria-labelledby=\"toggle_36043833d4a635715\"><div class=\"panel-body toggle-content fusion-clearfix\">\n<p><a href=\"https:\/\/mire.gob.pa\/ministerio\/argentina\/\">Argentina<\/a><\/p>\n<p><a href=\"https:\/\/mire.gob.pa\/ministerio\/belice\/\">Belice<\/a><\/p>\n<p><a href=\"https:\/\/mire.gob.pa\/ministerio\/bolivia\/\">Bolivia<\/a><\/p>\n<p><a href=\"https:\/\/mire.gob.pa\/ministerio\/brasil\/\">Brasil<\/a><\/p>\n<p><a href=\"https:\/\/mire.gob.pa\/ministerio\/canada\/\">Canad\u00e1<\/a><\/p>\n<p><a href=\"https:\/\/mire.gob.pa\/ministerio\/chile\/\">Chile<\/a><\/p>\n<p><a href=\"https:\/\/mire.gob.pa\/ministerio\/colombia\/\">Colombia<\/a><\/p>\n<p><a href=\"https:\/\/mire.gob.pa\/ministerio\/costa-rica\/\">Costa Rica<\/a><\/p>\n<p><a href=\"https:\/\/mire.gob.pa\/ministerio\/cuba\/\">Cuba<\/a><\/p>\n<p><a href=\"https:\/\/mire.gob.pa\/ministerio\/ecuador\/\">Ecuador<\/a><\/p>\n<p><a href=\"https:\/\/mire.gob.pa\/ministerio\/estados-unidos\/\">Estados Unidos<\/a><\/p>\n<p><a href=\"https:\/\/mire.gob.pa\/ministerio\/el-salvador\/\">El Salvador<\/a><\/p>\n<p><a href=\"https:\/\/mire.gob.pa\/ministerio\/guatemala\/\">Guatemala<\/a><\/p>\n<p><a href=\"https:\/\/mire.gob.pa\/ministerio\/haiti\/\">Hait\u00ed<\/a><\/p>\n<p><a href=\"https:\/\/mire.gob.pa\/ministerio\/honduras\/\">Honduras<\/a><\/p>\n<p><a href=\"https:\/\/mire.gob.pa\/ministerio\/jamaica\/\">Jamaica<\/a><\/p>\n<p><a href=\"https:\/\/mire.gob.pa\/ministerio\/mexico\/\">M\u00e9xico<\/a><\/p>\n<p><a href=\"https:\/\/mire.gob.pa\/ministerio\/nicaragua\/\">Nicaragua<\/a><\/p>\n<p><a href=\"https:\/\/mire.gob.pa\/ministerio\/paraguay\/\">Paraguay<\/a><\/p>\n<p><a href=\"https:\/\/mire.gob.pa\/ministerio\/peru\/\">Per\u00fa<\/a><\/p>\n<p><a href=\"https:\/\/mire.gob.pa\/ministerio\/republica-dominicana\/\">Rep\u00fablica Dominicana<\/a><\/p>\n<p><a href=\"https:\/\/mire.gob.pa\/ministerio\/trinidad-y-tobago\/\">Trinidad y Tobago<\/a><\/p>\n<p><a href=\"https:\/\/mire.gob.pa\/ministerio\/uruguay\/\">Uruguay<\/a><\/p>\n<p><a href=\"https:\/\/mire.gob.pa\/ministerio\/venezuela\/\">Venezuela<\/a><\/p>\n<\/div><\/div><\/div><div class=\"fusion-panel panel-default panel-094f8606b33a02e67 fusion-toggle-has-divider\"><div class=\"panel-heading\"><h4 class=\"panel-title toggle\" id=\"toggle_094f8606b33a02e67\"><a aria-expanded=\"false\" aria-controls=\"094f8606b33a02e67\" role=\"button\" data-toggle=\"collapse\" data-parent=\"#accordion-256-1\" data-target=\"#094f8606b33a02e67\" href=\"#094f8606b33a02e67\"><span class=\"fusion-toggle-icon-wrapper\" aria-hidden=\"true\"><i class=\"fa-fusion-box active-icon awb-icon-minus\" aria-hidden=\"true\"><\/i><i class=\"fa-fusion-box inactive-icon awb-icon-plus\" aria-hidden=\"true\"><\/i><\/span><span class=\"fusion-toggle-heading\">Asia<\/span><\/a><\/h4><\/div><div id=\"094f8606b33a02e67\" class=\"panel-collapse collapse \" aria-labelledby=\"toggle_094f8606b33a02e67\"><div class=\"panel-body toggle-content fusion-clearfix\">\n<p><a href=\"https:\/\/mire.gob.pa\/ministerio\/corea\/\">Corea<\/a><\/p>\n<p><a href=\"https:\/\/mire.gob.pa\/ministerio\/china\/\">China<\/a><\/p>\n<p><a href=\"https:\/\/mire.gob.pa\/ministerio\/filipinas\/\">Filipinas<\/a><\/p>\n<p><a href=\"https:\/\/mire.gob.pa\/ministerio\/india\/\">India<\/a><\/p>\n<p><a href=\"https:\/\/mire.gob.pa\/ministerio\/indonesia\/\">Indonesia<\/a><\/p>\n<p><a href=\"https:\/\/mire.gob.pa\/ministerio\/japon\/\">Jap\u00f3n<\/a><\/p>\n<p><a href=\"https:\/\/mire.gob.pa\/ministerio\/singapur\/\">Singapur<\/a><\/p>\n<p><a href=\"https:\/\/mire.gob.pa\/ministerio\/sri-lanka\/\">Sri Lanka<\/a><\/p>\n<p><a href=\"https:\/\/mire.gob.pa\/ministerio\/tailandia\/\">Tailandia<\/a><\/p>\n<p><a href=\"https:\/\/mire.gob.pa\/ministerio\/vietnam\/\">Vietnam<\/a><\/p>\n<\/div><\/div><\/div><div class=\"fusion-panel panel-default panel-c58d3f8628e5d2fe5 fusion-toggle-has-divider\"><div class=\"panel-heading\"><h4 class=\"panel-title toggle\" id=\"toggle_c58d3f8628e5d2fe5\"><a class=\"active\" aria-expanded=\"true\" aria-controls=\"c58d3f8628e5d2fe5\" role=\"button\" data-toggle=\"collapse\" data-parent=\"#accordion-256-1\" data-target=\"#c58d3f8628e5d2fe5\" href=\"#c58d3f8628e5d2fe5\"><span class=\"fusion-toggle-icon-wrapper\" aria-hidden=\"true\"><i class=\"fa-fusion-box active-icon awb-icon-minus\" aria-hidden=\"true\"><\/i><i class=\"fa-fusion-box inactive-icon awb-icon-plus\" aria-hidden=\"true\"><\/i><\/span><span class=\"fusion-toggle-heading\">Europa<\/span><\/a><\/h4><\/div><div id=\"c58d3f8628e5d2fe5\" class=\"panel-collapse collapse in\" aria-labelledby=\"toggle_c58d3f8628e5d2fe5\"><div class=\"panel-body toggle-content fusion-clearfix\">\n<p><a href=\"https:\/\/mire.gob.pa\/ministerio\/alemania\/\">Alemania<\/a><\/p>\n<p><a href=\"https:\/\/mire.gob.pa\/ministerio\/austria\/\">Austria<\/a><\/p>\n<p><a href=\"https:\/\/mire.gob.pa\/ministerio\/belgica\/\">B\u00e9lgica<\/a><\/p>\n<p><a href=\"https:\/\/mire.gob.pa\/ministerio\/chipre\/\">Chipre<\/a><\/p>\n<p><a href=\"https:\/\/mire.gob.pa\/ministerio\/dinamarca\/\">Dinamarca<\/a><\/p>\n<p><a href=\"https:\/\/mire.gob.pa\/ministerio\/espana\/\">Espa\u00f1a<\/a><\/p>\n<p><a href=\"https:\/\/mire.gob.pa\/ministerio\/francia\/\">Francia<\/a><\/p>\n<p><a href=\"https:\/\/mire.gob.pa\/ministerio\/gran-bretana\/\">Gran Breta\u00f1a<\/a><\/p>\n<p><a href=\"https:\/\/mire.gob.pa\/ministerio\/grecia\/\">Grecia<\/a><\/p>\n<p><a href=\"https:\/\/mire.gob.pa\/ministerio\/italia\/\">Italia<\/a><\/p>\n<p><a href=\"https:\/\/mire.gob.pa\/ministerio\/malta\/\">Malta<\/a><\/p>\n<p><a href=\"https:\/\/mire.gob.pa\/ministerio\/monaco\/\">M\u00f3naco<\/a><\/p>\n<p><a href=\"https:\/\/mire.gob.pa\/ministerio\/paises-bajos\/\">Pa\u00edses Bajos<\/a><\/p>\n<p><a href=\"https:\/\/mire.gob.pa\/ministerio\/polonia\/\">Polonia<\/a><\/p>\n<p><a href=\"https:\/\/mire.gob.pa\/ministerio\/portugal\/\">Portugal<\/a><\/p>\n<p><a href=\"https:\/\/mire.gob.pa\/ministerio\/rusia\/\">Rusia<\/a><\/p>\n<p><a href=\"https:\/\/mire.gob.pa\/ministerio\/santa-sede\/\">Santa Sede<\/a><\/p>\n<p><a href=\"https:\/\/mire.gob.pa\/ministerio\/suecia\/\">Suecia<\/a><\/p>\n<p><a href=\"https:\/\/mire.gob.pa\/ministerio\/suiza\/\">Suiza<\/a><\/p>\n<p><a href=\"https:\/\/mire.gob.pa\/ministerio\/turquia\/\">Turqu\u00eda<\/a><\/p>\n<\/div><\/div><\/div><div class=\"fusion-panel panel-default panel-0e329695376e8530b fusion-toggle-has-divider\"><div class=\"panel-heading\"><h4 class=\"panel-title toggle\" id=\"toggle_0e329695376e8530b\"><a aria-expanded=\"false\" aria-controls=\"0e329695376e8530b\" role=\"button\" data-toggle=\"collapse\" data-parent=\"#accordion-256-1\" data-target=\"#0e329695376e8530b\" href=\"#0e329695376e8530b\"><span class=\"fusion-toggle-icon-wrapper\" aria-hidden=\"true\"><i class=\"fa-fusion-box active-icon awb-icon-minus\" aria-hidden=\"true\"><\/i><i class=\"fa-fusion-box inactive-icon awb-icon-plus\" aria-hidden=\"true\"><\/i><\/span><span class=\"fusion-toggle-heading\">Ocean\u00eda<\/span><\/a><\/h4><\/div><div id=\"0e329695376e8530b\" class=\"panel-collapse collapse \" aria-labelledby=\"toggle_0e329695376e8530b\"><div class=\"panel-body toggle-content fusion-clearfix\">\n<p><a href=\"https:\/\/mire.gob.pa\/ministerio\/australia\/\">Australia<\/a><\/p>\n<p><a href=\"https:\/\/mire.gob.pa\/ministerio\/nueva-zelanda\/\">Nueva Zelanda<\/a><\/p>\n<\/div><\/div><\/div><div class=\"fusion-panel panel-default panel-180fe35ebd1363240 fusion-toggle-has-divider\"><div class=\"panel-heading\"><h4 class=\"panel-title toggle\" id=\"toggle_180fe35ebd1363240\"><a aria-expanded=\"false\" aria-controls=\"180fe35ebd1363240\" role=\"button\" data-toggle=\"collapse\" data-parent=\"#accordion-256-1\" data-target=\"#180fe35ebd1363240\" href=\"#180fe35ebd1363240\"><span class=\"fusion-toggle-icon-wrapper\" aria-hidden=\"true\"><i class=\"fa-fusion-box active-icon awb-icon-minus\" aria-hidden=\"true\"><\/i><i class=\"fa-fusion-box inactive-icon awb-icon-plus\" aria-hidden=\"true\"><\/i><\/span><span class=\"fusion-toggle-heading\">Organismos<\/span><\/a><\/h4><\/div><div id=\"180fe35ebd1363240\" class=\"panel-collapse collapse \" aria-labelledby=\"toggle_180fe35ebd1363240\"><div class=\"panel-body toggle-content fusion-clearfix\">\n<p><a href=\"https:\/\/mire.gob.pa\/ministerio\/organismos\/\">Directorio de Organismos<\/a><\/p>\n<\/div><\/div><\/div><\/div><\/div><div class=\"fusion-clearfix\"><\/div><\/div><\/div>\n<div class=\"fusion-layout-column fusion_builder_column fusion-builder-column-1 fusion_builder_column_3_5 3_5 fusion-three-fifth\" style=\"--awb-bg-size:cover;width:60%;width:calc(60% - ( ( 4% + 4% ) * 0.6 ) );margin-right: 4%;\"><div class=\"fusion-column-wrapper fusion-column-has-shadow fusion-flex-column-wrapper-legacy\"><div class=\"fusion-title title fusion-title-2 fusion-sep-none fusion-title-text fusion-title-size-three\" style=\"--awb-margin-top:20px;--awb-margin-top-small:0px;--awb-margin-right-small:0px;--awb-margin-bottom-small:20px;--awb-margin-left-small:0px;\"><h3 class=\"fusion-title-heading title-heading-left\" style=\"margin:0;\"><h3><strong>DIRECTORIO PORTUGAL<\/strong><\/h3><\/h3><\/div><div class=\"accordian fusion-accordian\" style=\"--awb-border-size:1px;--awb-icon-size:13px;--awb-content-font-size:16px;--awb-icon-alignment:left;--awb-hover-color:rgba(249,249,249,0);--awb-border-color:rgba(204,204,204,0);--awb-background-color:rgba(255,255,255,0);--awb-divider-color:#e0dede;--awb-divider-hover-color:#e0dede;--awb-icon-color:#ffffff;--awb-title-color:#3083c4;--awb-content-color:#4c4c4c;--awb-icon-box-color:#333333;--awb-toggle-hover-accent-color:#00366a;--awb-title-font-family:&quot;Avenir Roman&quot;;--awb-title-font-weight:700;--awb-title-font-style:normal;--awb-content-font-family:&quot;Avenir Roman&quot;;--awb-content-font-style:normal;--awb-content-font-weight:400;\"><div class=\"panel-group fusion-toggle-icon-boxed\" id=\"accordion-256-2\"><div class=\"fusion-panel panel-default panel-6a7c7a47011381ce4 fusion-toggle-has-divider\"><div class=\"panel-heading\"><h4 class=\"panel-title toggle\" id=\"toggle_6a7c7a47011381ce4\"><a aria-expanded=\"false\" aria-controls=\"6a7c7a47011381ce4\" role=\"button\" data-toggle=\"collapse\" data-parent=\"#accordion-256-2\" data-target=\"#6a7c7a47011381ce4\" href=\"#6a7c7a47011381ce4\"><span class=\"fusion-toggle-icon-wrapper\" aria-hidden=\"true\"><i class=\"fa-fusion-box active-icon awb-icon-minus\" aria-hidden=\"true\"><\/i><i class=\"fa-fusion-box inactive-icon awb-icon-plus\" aria-hidden=\"true\"><\/i><\/span><span class=\"fusion-toggle-heading\">Lisboa<\/span><\/a><\/h4><\/div><div id=\"6a7c7a47011381ce4\" class=\"panel-collapse collapse \" aria-labelledby=\"toggle_6a7c7a47011381ce4\"><div class=\"panel-body toggle-content fusion-clearfix\">\n<table class=\"table table-striped\">\n<tbody>\n<tr>\n<td><strong>Ciudad<\/strong><\/td>\n<td>Lisboa<\/td>\n<\/tr>\n<tr>\n<td><strong>Tipo de Misi\u00f3n<\/strong><\/td>\n<td>Embajada y\u00a0Consulado General de Marina Mercante<\/td>\n<\/tr>\n<tr>\n<td><strong>Nombre<\/strong><\/td>\n<td>Pablo Garrido Ara\u00faz<\/td>\n<\/tr>\n<tr>\n<td><strong>Cargo<\/strong><\/td>\n<td>Embajador Y Encargado de asuntos consulares<\/td>\n<\/tr>\n<tr>\n<td><strong>Tel\u00e9fono<\/strong><\/td>\n<td>(351) 21-364-4576<br \/>\n(351) 21-364-4577<br \/>\nClarocom 838-5350<\/td>\n<\/tr>\n<tr>\n<td><span style=\"color: #ff6600;\"><strong>Horario extendido<\/strong><\/span><\/td>\n<td><span style=\"color: #ff6600;\">+351 910 896 264<\/span><\/p>\n<p><span style=\"color: #ff6600;\">+351 933 000 219<\/span><\/td>\n<\/tr>\n<tr>\n<td><strong>Correo Electr\u00f3nico<\/strong><\/td>\n<td><a href=\"mailto:pgarrido@mire.gob.pa\">pgarrido@mire.gob.pa<\/a><\/p>\n<p><a href=\"mailto:aborrero@mire.gob.pa\">aborrero@mire.gob.pa<\/a><\/td>\n<\/tr>\n<tr>\n<td><strong>Direcci\u00f3n<\/strong><\/td>\n<td>Rua Pero de Alenquer, No. 5<\/p>\n<p>1400-293 Lisboa, Portugal<\/td>\n<\/tr>\n<tr>\n<td><strong>Diferencia Horaria<\/strong><\/td>\n<td>+5<\/td>\n<\/tr>\n<\/tbody>\n<\/table>\n<\/div><\/div><\/div><\/div><\/div><div class=\"fusion-recent-posts fusion-recent-posts-1 avada-container layout-default layout-columns-2\"><section class=\"fusion-columns columns fusion-columns-2 columns-2\"><article class=\"post fusion-column column col col-lg-6 col-md-6 col-sm-6\"><div class=\"fusion-flexslider fusion-flexslider-loading flexslider flexslider-hover-type-none\"><ul class=\"slides\"><li><a href=\"https:\/\/mire.gob.pa\/ministerio\/primer-taller-de-networking-de-emprendedores-de-america-latina-en-portugal\/\" aria-label=\"Primer Taller de Networking de Emprendedores de Am\u00e9rica Latina en Portugal\" class=\"hover-type-none\"><img fetchpriority=\"high\" decoding=\"async\" width=\"1500\" height=\"1000\" src=\"https:\/\/mire.gob.pa\/ministerio\/wp-content\/uploads\/2024\/07\/PHOTO-2024-07-11-14-25-32-4.jpg\" class=\"attachment-full size-full\" alt=\"\" srcset=\"https:\/\/mire.gob.pa\/ministerio\/wp-content\/uploads\/2024\/07\/PHOTO-2024-07-11-14-25-32-4-200x133.jpg 200w, https:\/\/mire.gob.pa\/ministerio\/wp-content\/uploads\/2024\/07\/PHOTO-2024-07-11-14-25-32-4-400x267.jpg 400w, https:\/\/mire.gob.pa\/ministerio\/wp-content\/uploads\/2024\/07\/PHOTO-2024-07-11-14-25-32-4-600x400.jpg 600w, https:\/\/mire.gob.pa\/ministerio\/wp-content\/uploads\/2024\/07\/PHOTO-2024-07-11-14-25-32-4-800x533.jpg 800w, https:\/\/mire.gob.pa\/ministerio\/wp-content\/uploads\/2024\/07\/PHOTO-2024-07-11-14-25-32-4-1200x800.jpg 1200w, https:\/\/mire.gob.pa\/ministerio\/wp-content\/uploads\/2024\/07\/PHOTO-2024-07-11-14-25-32-4.jpg 1500w\" sizes=\"(min-width: 2200px) 100vw, (min-width: 712px) 585px, (min-width: 640px) 712px, \" \/><\/a><\/li><li><a href=\"https:\/\/mire.gob.pa\/ministerio\/primer-taller-de-networking-de-emprendedores-de-america-latina-en-portugal\/\" aria-label=\"Primer Taller de Networking de Emprendedores de Am\u00e9rica Latina en Portugal\" class=\"hover-type-none\"><img decoding=\"async\" width=\"1500\" height=\"1000\" src=\"https:\/\/mire.gob.pa\/ministerio\/wp-content\/uploads\/2024\/07\/PHOTO-2024-07-11-14-25-32-2.jpg\" class=\"attachment-full size-full\" alt=\"\" srcset=\"https:\/\/mire.gob.pa\/ministerio\/wp-content\/uploads\/2024\/07\/PHOTO-2024-07-11-14-25-32-2-200x133.jpg 200w, https:\/\/mire.gob.pa\/ministerio\/wp-content\/uploads\/2024\/07\/PHOTO-2024-07-11-14-25-32-2-400x267.jpg 400w, https:\/\/mire.gob.pa\/ministerio\/wp-content\/uploads\/2024\/07\/PHOTO-2024-07-11-14-25-32-2-600x400.jpg 600w, https:\/\/mire.gob.pa\/ministerio\/wp-content\/uploads\/2024\/07\/PHOTO-2024-07-11-14-25-32-2-800x533.jpg 800w, https:\/\/mire.gob.pa\/ministerio\/wp-content\/uploads\/2024\/07\/PHOTO-2024-07-11-14-25-32-2-1200x800.jpg 1200w, https:\/\/mire.gob.pa\/ministerio\/wp-content\/uploads\/2024\/07\/PHOTO-2024-07-11-14-25-32-2.jpg 1500w\" sizes=\"(min-width: 2200px) 100vw, (min-width: 712px) 585px, (min-width: 640px) 712px, \" \/><\/a><\/li><li><a href=\"https:\/\/mire.gob.pa\/ministerio\/primer-taller-de-networking-de-emprendedores-de-america-latina-en-portugal\/\" aria-label=\"Primer Taller de Networking de Emprendedores de Am\u00e9rica Latina en Portugal\" class=\"hover-type-none\"><img loading=\"lazy\" decoding=\"async\" width=\"1500\" height=\"1000\" src=\"https:\/\/mire.gob.pa\/ministerio\/wp-content\/uploads\/2024\/07\/PHOTO-2024-07-11-14-25-32.jpg\" class=\"attachment-full size-full\" alt=\"\" srcset=\"https:\/\/mire.gob.pa\/ministerio\/wp-content\/uploads\/2024\/07\/PHOTO-2024-07-11-14-25-32-200x133.jpg 200w, https:\/\/mire.gob.pa\/ministerio\/wp-content\/uploads\/2024\/07\/PHOTO-2024-07-11-14-25-32-400x267.jpg 400w, https:\/\/mire.gob.pa\/ministerio\/wp-content\/uploads\/2024\/07\/PHOTO-2024-07-11-14-25-32-600x400.jpg 600w, https:\/\/mire.gob.pa\/ministerio\/wp-content\/uploads\/2024\/07\/PHOTO-2024-07-11-14-25-32-800x533.jpg 800w, https:\/\/mire.gob.pa\/ministerio\/wp-content\/uploads\/2024\/07\/PHOTO-2024-07-11-14-25-32-1200x800.jpg 1200w, https:\/\/mire.gob.pa\/ministerio\/wp-content\/uploads\/2024\/07\/PHOTO-2024-07-11-14-25-32.jpg 1500w\" sizes=\"(min-width: 2200px) 100vw, (min-width: 712px) 585px, (min-width: 640px) 712px, \" \/><\/a><\/li><li><a href=\"https:\/\/mire.gob.pa\/ministerio\/primer-taller-de-networking-de-emprendedores-de-america-latina-en-portugal\/\" aria-label=\"Primer Taller de Networking de Emprendedores de Am\u00e9rica Latina en Portugal\" class=\"hover-type-none\"><img loading=\"lazy\" decoding=\"async\" width=\"1500\" height=\"1000\" src=\"https:\/\/mire.gob.pa\/ministerio\/wp-content\/uploads\/2024\/07\/PHOTO-2024-07-11-14-25-32-1.jpg\" class=\"attachment-full size-full\" alt=\"\" srcset=\"https:\/\/mire.gob.pa\/ministerio\/wp-content\/uploads\/2024\/07\/PHOTO-2024-07-11-14-25-32-1-200x133.jpg 200w, https:\/\/mire.gob.pa\/ministerio\/wp-content\/uploads\/2024\/07\/PHOTO-2024-07-11-14-25-32-1-400x267.jpg 400w, https:\/\/mire.gob.pa\/ministerio\/wp-content\/uploads\/2024\/07\/PHOTO-2024-07-11-14-25-32-1-600x400.jpg 600w, https:\/\/mire.gob.pa\/ministerio\/wp-content\/uploads\/2024\/07\/PHOTO-2024-07-11-14-25-32-1-800x533.jpg 800w, https:\/\/mire.gob.pa\/ministerio\/wp-content\/uploads\/2024\/07\/PHOTO-2024-07-11-14-25-32-1-1200x800.jpg 1200w, https:\/\/mire.gob.pa\/ministerio\/wp-content\/uploads\/2024\/07\/PHOTO-2024-07-11-14-25-32-1.jpg 1500w\" sizes=\"(min-width: 2200px) 100vw, (min-width: 712px) 585px, (min-width: 640px) 712px, \" \/><\/a><\/li><\/ul><\/div><div class=\"recent-posts-content\"><span class=\"vcard\" style=\"display: none;\"><span class=\"fn\"><a href=\"https:\/\/mire.gob.pa\/ministerio\/author\/jbagonzalez\/\" title=\"Entradas de jbagonzalez\" rel=\"author\">jbagonzalez<\/a><\/span><\/span><span class=\"updated\" style=\"display:none;\">2024-07-11T08:37:12-05:00<\/span><h4 class=\"entry-title\"><a href=\"https:\/\/mire.gob.pa\/ministerio\/primer-taller-de-networking-de-emprendedores-de-america-latina-en-portugal\/\">Primer Taller de Networking de Emprendedores de Am\u00e9rica Latina en Portugal<\/a><\/h4><p class=\"meta\"><span class=\"vcard\" style=\"display: none;\"><span class=\"fn\"><a href=\"https:\/\/mire.gob.pa\/ministerio\/author\/jbagonzalez\/\" title=\"Entradas de jbagonzalez\" rel=\"author\">jbagonzalez<\/a><\/span><\/span><span class=\"updated\" style=\"display:none;\">2024-07-11T08:37:12-05:00<\/span><span>julio 11, 2024<\/span><span class=\"fusion-inline-sep\">|<\/span><span class=\"fusion-comments\"><a href=\"https:\/\/mire.gob.pa\/ministerio\/primer-taller-de-networking-de-emprendedores-de-america-latina-en-portugal\/#respond\">0 Comments<\/a><\/span><\/p><p>La Embajada de Panam\u00e1 particip\u00f3 en el 1er Taller de Networking de Emprendedores de Am\u00e9rica Latina en Portugal organizado por la Casa de la Am\u00e9rica Latina. El evento cont\u00f3 con las palabras de bienvenida de [leer m\u00e1s]<\/p><\/div><\/article><article class=\"post fusion-column column col col-lg-6 col-md-6 col-sm-6\"><div class=\"fusion-flexslider fusion-flexslider-loading flexslider flexslider-hover-type-none\"><ul class=\"slides\"><li><a href=\"https:\/\/mire.gob.pa\/ministerio\/almuerzo-empresarial-en-la-villa-de-moncao-distrito-de-viana-de-castelo-al-norte-de-portugal\/\" aria-label=\"Almuerzo Empresarial en La Villa De Mon\u00e7\u00e3o, Distrito de Viana de Castelo al Norte de Portugal\" class=\"hover-type-none\"><img loading=\"lazy\" decoding=\"async\" width=\"1280\" height=\"853\" src=\"https:\/\/mire.gob.pa\/ministerio\/wp-content\/uploads\/2024\/06\/PHOTO-2024-06-24-15-26-59.jpg\" class=\"attachment-full size-full\" alt=\"\" srcset=\"https:\/\/mire.gob.pa\/ministerio\/wp-content\/uploads\/2024\/06\/PHOTO-2024-06-24-15-26-59-200x133.jpg 200w, https:\/\/mire.gob.pa\/ministerio\/wp-content\/uploads\/2024\/06\/PHOTO-2024-06-24-15-26-59-400x267.jpg 400w, https:\/\/mire.gob.pa\/ministerio\/wp-content\/uploads\/2024\/06\/PHOTO-2024-06-24-15-26-59-600x400.jpg 600w, https:\/\/mire.gob.pa\/ministerio\/wp-content\/uploads\/2024\/06\/PHOTO-2024-06-24-15-26-59-800x533.jpg 800w, https:\/\/mire.gob.pa\/ministerio\/wp-content\/uploads\/2024\/06\/PHOTO-2024-06-24-15-26-59-1200x800.jpg 1200w, https:\/\/mire.gob.pa\/ministerio\/wp-content\/uploads\/2024\/06\/PHOTO-2024-06-24-15-26-59.jpg 1280w\" sizes=\"(min-width: 2200px) 100vw, (min-width: 712px) 585px, (min-width: 640px) 712px, \" \/><\/a><\/li><li><a href=\"https:\/\/mire.gob.pa\/ministerio\/almuerzo-empresarial-en-la-villa-de-moncao-distrito-de-viana-de-castelo-al-norte-de-portugal\/\" aria-label=\"Almuerzo Empresarial en La Villa De Mon\u00e7\u00e3o, Distrito de Viana de Castelo al Norte de Portugal\" class=\"hover-type-none\"><img loading=\"lazy\" decoding=\"async\" width=\"1280\" height=\"853\" src=\"https:\/\/mire.gob.pa\/ministerio\/wp-content\/uploads\/2024\/06\/PHOTO-2024-06-24-15-27-42.jpg\" class=\"attachment-full size-full\" alt=\"\" srcset=\"https:\/\/mire.gob.pa\/ministerio\/wp-content\/uploads\/2024\/06\/PHOTO-2024-06-24-15-27-42-200x133.jpg 200w, https:\/\/mire.gob.pa\/ministerio\/wp-content\/uploads\/2024\/06\/PHOTO-2024-06-24-15-27-42-400x267.jpg 400w, https:\/\/mire.gob.pa\/ministerio\/wp-content\/uploads\/2024\/06\/PHOTO-2024-06-24-15-27-42-600x400.jpg 600w, https:\/\/mire.gob.pa\/ministerio\/wp-content\/uploads\/2024\/06\/PHOTO-2024-06-24-15-27-42-800x533.jpg 800w, https:\/\/mire.gob.pa\/ministerio\/wp-content\/uploads\/2024\/06\/PHOTO-2024-06-24-15-27-42-1200x800.jpg 1200w, https:\/\/mire.gob.pa\/ministerio\/wp-content\/uploads\/2024\/06\/PHOTO-2024-06-24-15-27-42.jpg 1280w\" sizes=\"(min-width: 2200px) 100vw, (min-width: 712px) 585px, (min-width: 640px) 712px, \" \/><\/a><\/li><li><a href=\"https:\/\/mire.gob.pa\/ministerio\/almuerzo-empresarial-en-la-villa-de-moncao-distrito-de-viana-de-castelo-al-norte-de-portugal\/\" aria-label=\"Almuerzo Empresarial en La Villa De Mon\u00e7\u00e3o, Distrito de Viana de Castelo al Norte de Portugal\" class=\"hover-type-none\"><img loading=\"lazy\" decoding=\"async\" width=\"1280\" height=\"853\" src=\"https:\/\/mire.gob.pa\/ministerio\/wp-content\/uploads\/2024\/06\/PHOTO-2024-06-24-15-28-29.jpg\" class=\"attachment-full size-full\" alt=\"\" srcset=\"https:\/\/mire.gob.pa\/ministerio\/wp-content\/uploads\/2024\/06\/PHOTO-2024-06-24-15-28-29-200x133.jpg 200w, https:\/\/mire.gob.pa\/ministerio\/wp-content\/uploads\/2024\/06\/PHOTO-2024-06-24-15-28-29-400x267.jpg 400w, https:\/\/mire.gob.pa\/ministerio\/wp-content\/uploads\/2024\/06\/PHOTO-2024-06-24-15-28-29-600x400.jpg 600w, https:\/\/mire.gob.pa\/ministerio\/wp-content\/uploads\/2024\/06\/PHOTO-2024-06-24-15-28-29-800x533.jpg 800w, https:\/\/mire.gob.pa\/ministerio\/wp-content\/uploads\/2024\/06\/PHOTO-2024-06-24-15-28-29-1200x800.jpg 1200w, https:\/\/mire.gob.pa\/ministerio\/wp-content\/uploads\/2024\/06\/PHOTO-2024-06-24-15-28-29.jpg 1280w\" sizes=\"(min-width: 2200px) 100vw, (min-width: 712px) 585px, (min-width: 640px) 712px, \" \/><\/a><\/li><li><a href=\"https:\/\/mire.gob.pa\/ministerio\/almuerzo-empresarial-en-la-villa-de-moncao-distrito-de-viana-de-castelo-al-norte-de-portugal\/\" aria-label=\"Almuerzo Empresarial en La Villa De Mon\u00e7\u00e3o, Distrito de Viana de Castelo al Norte de Portugal\" class=\"hover-type-none\"><img loading=\"lazy\" decoding=\"async\" width=\"1280\" height=\"853\" src=\"https:\/\/mire.gob.pa\/ministerio\/wp-content\/uploads\/2024\/06\/PHOTO-2024-06-24-15-26-18.jpg\" class=\"attachment-full size-full\" alt=\"\" srcset=\"https:\/\/mire.gob.pa\/ministerio\/wp-content\/uploads\/2024\/06\/PHOTO-2024-06-24-15-26-18-200x133.jpg 200w, https:\/\/mire.gob.pa\/ministerio\/wp-content\/uploads\/2024\/06\/PHOTO-2024-06-24-15-26-18-400x267.jpg 400w, https:\/\/mire.gob.pa\/ministerio\/wp-content\/uploads\/2024\/06\/PHOTO-2024-06-24-15-26-18-600x400.jpg 600w, https:\/\/mire.gob.pa\/ministerio\/wp-content\/uploads\/2024\/06\/PHOTO-2024-06-24-15-26-18-800x533.jpg 800w, https:\/\/mire.gob.pa\/ministerio\/wp-content\/uploads\/2024\/06\/PHOTO-2024-06-24-15-26-18-1200x800.jpg 1200w, https:\/\/mire.gob.pa\/ministerio\/wp-content\/uploads\/2024\/06\/PHOTO-2024-06-24-15-26-18.jpg 1280w\" sizes=\"(min-width: 2200px) 100vw, (min-width: 712px) 585px, (min-width: 640px) 712px, \" \/><\/a><\/li><\/ul><\/div><div class=\"recent-posts-content\"><span class=\"vcard\" style=\"display: none;\"><span class=\"fn\"><a href=\"https:\/\/mire.gob.pa\/ministerio\/author\/jbagonzalez\/\" title=\"Entradas de jbagonzalez\" rel=\"author\">jbagonzalez<\/a><\/span><\/span><span class=\"updated\" style=\"display:none;\">2024-07-11T08:17:10-05:00<\/span><h4 class=\"entry-title\"><a href=\"https:\/\/mire.gob.pa\/ministerio\/almuerzo-empresarial-en-la-villa-de-moncao-distrito-de-viana-de-castelo-al-norte-de-portugal\/\">Almuerzo Empresarial en La Villa De Mon\u00e7\u00e3o, Distrito de Viana de Castelo al Norte de Portugal<\/a><\/h4><p class=\"meta\"><span class=\"vcard\" style=\"display: none;\"><span class=\"fn\"><a href=\"https:\/\/mire.gob.pa\/ministerio\/author\/jbagonzalez\/\" title=\"Entradas de jbagonzalez\" rel=\"author\">jbagonzalez<\/a><\/span><\/span><span class=\"updated\" style=\"display:none;\">2024-07-11T08:17:10-05:00<\/span><span>junio 24, 2024<\/span><span class=\"fusion-inline-sep\">|<\/span><span class=\"fusion-comments\"><a href=\"https:\/\/mire.gob.pa\/ministerio\/almuerzo-empresarial-en-la-villa-de-moncao-distrito-de-viana-de-castelo-al-norte-de-portugal\/#respond\">0 Comments<\/a><\/span><\/p><p> El Embajador de Panam\u00e1 en Portugal S.E. Pablo Garrido A. y S.S. Analissa Borrero Gonz\u00e1lez, Primera Consejera de Carrera Diplom\u00e1tica y Consular, participaron en un almuerzo de trabajo en la Villa de Mon\u00e7\u00e3o, distrito [leer m\u00e1s]<\/p><\/div><\/article><article class=\"post fusion-column column col col-lg-6 col-md-6 col-sm-6\"><div class=\"fusion-flexslider fusion-flexslider-loading flexslider flexslider-hover-type-none\"><ul class=\"slides\"><li><a href=\"https:\/\/mire.gob.pa\/ministerio\/visita-oficial-de-s-e-pablo-garrido-arauz-a-la-republica-de-guinea-bissau\/\" aria-label=\"Visita Oficial de S.E. Pablo Garrido Ara\u00faz, a la Rep\u00fablica de Guinea-Bissau\" class=\"hover-type-none\"><img loading=\"lazy\" decoding=\"async\" width=\"836\" height=\"861\" src=\"https:\/\/mire.gob.pa\/ministerio\/wp-content\/uploads\/2024\/06\/Guinea-Bissau1.png\" class=\"attachment-full size-full\" alt=\"\" srcset=\"https:\/\/mire.gob.pa\/ministerio\/wp-content\/uploads\/2024\/06\/Guinea-Bissau1-200x206.png 200w, https:\/\/mire.gob.pa\/ministerio\/wp-content\/uploads\/2024\/06\/Guinea-Bissau1-400x412.png 400w, https:\/\/mire.gob.pa\/ministerio\/wp-content\/uploads\/2024\/06\/Guinea-Bissau1-600x618.png 600w, https:\/\/mire.gob.pa\/ministerio\/wp-content\/uploads\/2024\/06\/Guinea-Bissau1-800x824.png 800w, https:\/\/mire.gob.pa\/ministerio\/wp-content\/uploads\/2024\/06\/Guinea-Bissau1.png 836w\" sizes=\"(min-width: 2200px) 100vw, (min-width: 712px) 585px, (min-width: 640px) 712px, \" \/><\/a><\/li><li><a href=\"https:\/\/mire.gob.pa\/ministerio\/visita-oficial-de-s-e-pablo-garrido-arauz-a-la-republica-de-guinea-bissau\/\" aria-label=\"Visita Oficial de S.E. Pablo Garrido Ara\u00faz, a la Rep\u00fablica de Guinea-Bissau\" class=\"hover-type-none\"><img loading=\"lazy\" decoding=\"async\" width=\"831\" height=\"858\" src=\"https:\/\/mire.gob.pa\/ministerio\/wp-content\/uploads\/2024\/06\/Guinea-Bissau2.png\" class=\"attachment-full size-full\" alt=\"\" srcset=\"https:\/\/mire.gob.pa\/ministerio\/wp-content\/uploads\/2024\/06\/Guinea-Bissau2-200x206.png 200w, https:\/\/mire.gob.pa\/ministerio\/wp-content\/uploads\/2024\/06\/Guinea-Bissau2-400x413.png 400w, https:\/\/mire.gob.pa\/ministerio\/wp-content\/uploads\/2024\/06\/Guinea-Bissau2-600x619.png 600w, https:\/\/mire.gob.pa\/ministerio\/wp-content\/uploads\/2024\/06\/Guinea-Bissau2-800x826.png 800w, https:\/\/mire.gob.pa\/ministerio\/wp-content\/uploads\/2024\/06\/Guinea-Bissau2.png 831w\" sizes=\"(min-width: 2200px) 100vw, (min-width: 712px) 585px, (min-width: 640px) 712px, \" \/><\/a><\/li><li><a href=\"https:\/\/mire.gob.pa\/ministerio\/visita-oficial-de-s-e-pablo-garrido-arauz-a-la-republica-de-guinea-bissau\/\" aria-label=\"Visita Oficial de S.E. Pablo Garrido Ara\u00faz, a la Rep\u00fablica de Guinea-Bissau\" class=\"hover-type-none\"><img loading=\"lazy\" decoding=\"async\" width=\"829\" height=\"865\" src=\"https:\/\/mire.gob.pa\/ministerio\/wp-content\/uploads\/2024\/06\/Guinea-Bissau3.png\" class=\"attachment-full size-full\" alt=\"\" srcset=\"https:\/\/mire.gob.pa\/ministerio\/wp-content\/uploads\/2024\/06\/Guinea-Bissau3-200x209.png 200w, https:\/\/mire.gob.pa\/ministerio\/wp-content\/uploads\/2024\/06\/Guinea-Bissau3-400x417.png 400w, https:\/\/mire.gob.pa\/ministerio\/wp-content\/uploads\/2024\/06\/Guinea-Bissau3-600x626.png 600w, https:\/\/mire.gob.pa\/ministerio\/wp-content\/uploads\/2024\/06\/Guinea-Bissau3-800x835.png 800w, https:\/\/mire.gob.pa\/ministerio\/wp-content\/uploads\/2024\/06\/Guinea-Bissau3.png 829w\" sizes=\"(min-width: 2200px) 100vw, (min-width: 712px) 585px, (min-width: 640px) 712px, \" \/><\/a><\/li><li><a href=\"https:\/\/mire.gob.pa\/ministerio\/visita-oficial-de-s-e-pablo-garrido-arauz-a-la-republica-de-guinea-bissau\/\" aria-label=\"Visita Oficial de S.E. Pablo Garrido Ara\u00faz, a la Rep\u00fablica de Guinea-Bissau\" class=\"hover-type-none\"><img loading=\"lazy\" decoding=\"async\" width=\"858\" height=\"870\" src=\"https:\/\/mire.gob.pa\/ministerio\/wp-content\/uploads\/2024\/06\/Guinea-Bissau4.png\" class=\"attachment-full size-full\" alt=\"\" srcset=\"https:\/\/mire.gob.pa\/ministerio\/wp-content\/uploads\/2024\/06\/Guinea-Bissau4-200x203.png 200w, https:\/\/mire.gob.pa\/ministerio\/wp-content\/uploads\/2024\/06\/Guinea-Bissau4-400x406.png 400w, https:\/\/mire.gob.pa\/ministerio\/wp-content\/uploads\/2024\/06\/Guinea-Bissau4-600x608.png 600w, https:\/\/mire.gob.pa\/ministerio\/wp-content\/uploads\/2024\/06\/Guinea-Bissau4-800x811.png 800w, https:\/\/mire.gob.pa\/ministerio\/wp-content\/uploads\/2024\/06\/Guinea-Bissau4.png 858w\" sizes=\"(min-width: 2200px) 100vw, (min-width: 712px) 585px, (min-width: 640px) 712px, \" \/><\/a><\/li><\/ul><\/div><div class=\"recent-posts-content\"><span class=\"vcard\" style=\"display: none;\"><span class=\"fn\"><a href=\"https:\/\/mire.gob.pa\/ministerio\/author\/jbagonzalez\/\" title=\"Entradas de jbagonzalez\" rel=\"author\">jbagonzalez<\/a><\/span><\/span><span class=\"updated\" style=\"display:none;\">2024-06-04T08:46:31-05:00<\/span><h4 class=\"entry-title\"><a href=\"https:\/\/mire.gob.pa\/ministerio\/visita-oficial-de-s-e-pablo-garrido-arauz-a-la-republica-de-guinea-bissau\/\">Visita Oficial de S.E. Pablo Garrido Ara\u00faz, a la Rep\u00fablica de Guinea-Bissau<\/a><\/h4><p class=\"meta\"><span class=\"vcard\" style=\"display: none;\"><span class=\"fn\"><a href=\"https:\/\/mire.gob.pa\/ministerio\/author\/jbagonzalez\/\" title=\"Entradas de jbagonzalez\" rel=\"author\">jbagonzalez<\/a><\/span><\/span><span class=\"updated\" style=\"display:none;\">2024-06-04T08:46:31-05:00<\/span><span>junio 4, 2024<\/span><span class=\"fusion-inline-sep\">|<\/span><span class=\"fusion-comments\"><a href=\"https:\/\/mire.gob.pa\/ministerio\/visita-oficial-de-s-e-pablo-garrido-arauz-a-la-republica-de-guinea-bissau\/#respond\">0 Comments<\/a><\/span><\/p><p>Visita de trabajo realizada por S.E. Pablo Garrido A. con miras a acercar a Panam\u00e1 y \u00c1frica, con la finalidad de tener presencia en el continente a trav\u00e9s de la cooperaci\u00f3n en campos como: diplom\u00e1tico, [leer m\u00e1s]<\/p><\/div><\/article><article class=\"post fusion-column column col col-lg-6 col-md-6 col-sm-6\"><div class=\"fusion-flexslider fusion-flexslider-loading flexslider flexslider-hover-type-none\"><ul class=\"slides\"><li><a href=\"https:\/\/mire.gob.pa\/ministerio\/30318-2\/\" aria-label=\"Almuerzo ofrecido por el Presidente de la Rep\u00fablica Portuguesa, Excelent\u00edsimo Se\u00f1or Marcelo Rebelo de Sousa al GRULAC-Lisboa\" class=\"hover-type-none\"><img loading=\"lazy\" decoding=\"async\" width=\"2560\" height=\"1708\" src=\"https:\/\/mire.gob.pa\/ministerio\/wp-content\/uploads\/2024\/06\/240222-PRMRS-MFL-0041-3678-scaled.jpg\" class=\"attachment-full size-full\" alt=\"\" srcset=\"https:\/\/mire.gob.pa\/ministerio\/wp-content\/uploads\/2024\/06\/240222-PRMRS-MFL-0041-3678-200x133.jpg 200w, https:\/\/mire.gob.pa\/ministerio\/wp-content\/uploads\/2024\/06\/240222-PRMRS-MFL-0041-3678-400x267.jpg 400w, https:\/\/mire.gob.pa\/ministerio\/wp-content\/uploads\/2024\/06\/240222-PRMRS-MFL-0041-3678-600x400.jpg 600w, https:\/\/mire.gob.pa\/ministerio\/wp-content\/uploads\/2024\/06\/240222-PRMRS-MFL-0041-3678-800x534.jpg 800w, https:\/\/mire.gob.pa\/ministerio\/wp-content\/uploads\/2024\/06\/240222-PRMRS-MFL-0041-3678-1200x801.jpg 1200w, https:\/\/mire.gob.pa\/ministerio\/wp-content\/uploads\/2024\/06\/240222-PRMRS-MFL-0041-3678-scaled.jpg 2560w\" sizes=\"(min-width: 2200px) 100vw, (min-width: 712px) 585px, (min-width: 640px) 712px, \" \/><\/a><\/li><\/ul><\/div><div class=\"recent-posts-content\"><span class=\"vcard\" style=\"display: none;\"><span class=\"fn\"><a href=\"https:\/\/mire.gob.pa\/ministerio\/author\/jbagonzalez\/\" title=\"Entradas de jbagonzalez\" rel=\"author\">jbagonzalez<\/a><\/span><\/span><span class=\"updated\" style=\"display:none;\">2024-06-03T09:49:47-05:00<\/span><h4 class=\"entry-title\"><a href=\"https:\/\/mire.gob.pa\/ministerio\/30318-2\/\">Almuerzo ofrecido por el Presidente de la Rep\u00fablica Portuguesa,  Excelent\u00edsimo Se\u00f1or Marcelo Rebelo de Sousa al GRULAC-Lisboa<\/a><\/h4><p class=\"meta\"><span class=\"vcard\" style=\"display: none;\"><span class=\"fn\"><a href=\"https:\/\/mire.gob.pa\/ministerio\/author\/jbagonzalez\/\" title=\"Entradas de jbagonzalez\" rel=\"author\">jbagonzalez<\/a><\/span><\/span><span class=\"updated\" style=\"display:none;\">2024-06-03T09:49:47-05:00<\/span><span>junio 3, 2024<\/span><span class=\"fusion-inline-sep\">|<\/span><span class=\"fusion-comments\"><a href=\"https:\/\/mire.gob.pa\/ministerio\/30318-2\/#respond\">0 Comments<\/a><\/span><\/p><p> Como resultado de las gestiones realizadas por el Embajador de Panam\u00e1 en Portugal, S.E. Pablo Garrido A., Decano del Grupo de Embajadores Latinoamericanos (GRULAC-Lisboa), se llev\u00f3 a cabo un encuentro entre los Embajadores del [leer m\u00e1s]<\/p><\/div><\/article><article class=\"post fusion-column column col col-lg-6 col-md-6 col-sm-6\"><div class=\"fusion-flexslider fusion-flexslider-loading flexslider flexslider-hover-type-none\"><ul class=\"slides\"><li><a href=\"https:\/\/mire.gob.pa\/ministerio\/visita-a-cabo-verde\/\" aria-label=\"Visita a Cabo Verde\" class=\"hover-type-none\"><img loading=\"lazy\" decoding=\"async\" width=\"720\" height=\"437\" src=\"https:\/\/mire.gob.pa\/ministerio\/wp-content\/uploads\/2024\/01\/01-sm.jpg\" class=\"attachment-full size-full\" alt=\"\" srcset=\"https:\/\/mire.gob.pa\/ministerio\/wp-content\/uploads\/2024\/01\/01-sm-200x121.jpg 200w, https:\/\/mire.gob.pa\/ministerio\/wp-content\/uploads\/2024\/01\/01-sm-400x243.jpg 400w, https:\/\/mire.gob.pa\/ministerio\/wp-content\/uploads\/2024\/01\/01-sm-600x364.jpg 600w, https:\/\/mire.gob.pa\/ministerio\/wp-content\/uploads\/2024\/01\/01-sm.jpg 720w\" sizes=\"(min-width: 2200px) 100vw, (min-width: 712px) 585px, (min-width: 640px) 712px, \" \/><\/a><\/li><li><a href=\"https:\/\/mire.gob.pa\/ministerio\/visita-a-cabo-verde\/\" aria-label=\"Visita a Cabo Verde\" class=\"hover-type-none\"><img loading=\"lazy\" decoding=\"async\" width=\"436\" height=\"262\" src=\"https:\/\/mire.gob.pa\/ministerio\/wp-content\/uploads\/2024\/01\/02-sm.jpg\" class=\"attachment-full size-full\" alt=\"\" srcset=\"https:\/\/mire.gob.pa\/ministerio\/wp-content\/uploads\/2024\/01\/02-sm-200x120.jpg 200w, https:\/\/mire.gob.pa\/ministerio\/wp-content\/uploads\/2024\/01\/02-sm-400x240.jpg 400w, https:\/\/mire.gob.pa\/ministerio\/wp-content\/uploads\/2024\/01\/02-sm.jpg 436w\" sizes=\"(min-width: 2200px) 100vw, (min-width: 712px) 585px, (min-width: 640px) 712px, \" \/><\/a><\/li><\/ul><\/div><div class=\"recent-posts-content\"><span class=\"vcard\" style=\"display: none;\"><span class=\"fn\"><a href=\"https:\/\/mire.gob.pa\/ministerio\/author\/jbagonzalez\/\" title=\"Entradas de jbagonzalez\" rel=\"author\">jbagonzalez<\/a><\/span><\/span><span class=\"updated\" style=\"display:none;\">2024-01-29T11:07:16-05:00<\/span><h4 class=\"entry-title\"><a href=\"https:\/\/mire.gob.pa\/ministerio\/visita-a-cabo-verde\/\">Visita a Cabo Verde<\/a><\/h4><p class=\"meta\"><span class=\"vcard\" style=\"display: none;\"><span class=\"fn\"><a href=\"https:\/\/mire.gob.pa\/ministerio\/author\/jbagonzalez\/\" title=\"Entradas de jbagonzalez\" rel=\"author\">jbagonzalez<\/a><\/span><\/span><span class=\"updated\" style=\"display:none;\">2024-01-29T11:07:16-05:00<\/span><span>enero 29, 2024<\/span><span class=\"fusion-inline-sep\">|<\/span><span class=\"fusion-comments\"><a href=\"https:\/\/mire.gob.pa\/ministerio\/visita-a-cabo-verde\/#respond\">0 Comments<\/a><\/span><\/p><p>EL Embajador Pablo Garrido particip\u00f3 de una actividad organizada por la Ministra de Salud de Cabo Verde, Filomena Gon\u00e7alves; el Primer Ministro caboverdiano; y el Director de la OMS, en el marco del lanzamiento del [leer m\u00e1s]<\/p><\/div><\/article><article class=\"post fusion-column column col col-lg-6 col-md-6 col-sm-6\"><div class=\"fusion-flexslider fusion-flexslider-loading flexslider flexslider-hover-type-none\"><ul class=\"slides\"><li><a href=\"https:\/\/mire.gob.pa\/ministerio\/develacion-de-placa\/\" aria-label=\"DEVELACI\u00d3N DE PLACA\" class=\"hover-type-none\"><img loading=\"lazy\" decoding=\"async\" width=\"1280\" height=\"853\" src=\"https:\/\/mire.gob.pa\/ministerio\/wp-content\/uploads\/2023\/12\/IMG-20231205-WA0134.jpg\" class=\"attachment-full size-full\" alt=\"\" srcset=\"https:\/\/mire.gob.pa\/ministerio\/wp-content\/uploads\/2023\/12\/IMG-20231205-WA0134-200x133.jpg 200w, https:\/\/mire.gob.pa\/ministerio\/wp-content\/uploads\/2023\/12\/IMG-20231205-WA0134-400x267.jpg 400w, https:\/\/mire.gob.pa\/ministerio\/wp-content\/uploads\/2023\/12\/IMG-20231205-WA0134-600x400.jpg 600w, https:\/\/mire.gob.pa\/ministerio\/wp-content\/uploads\/2023\/12\/IMG-20231205-WA0134-800x533.jpg 800w, https:\/\/mire.gob.pa\/ministerio\/wp-content\/uploads\/2023\/12\/IMG-20231205-WA0134-1200x800.jpg 1200w, https:\/\/mire.gob.pa\/ministerio\/wp-content\/uploads\/2023\/12\/IMG-20231205-WA0134.jpg 1280w\" sizes=\"(min-width: 2200px) 100vw, (min-width: 712px) 585px, (min-width: 640px) 712px, \" \/><\/a><\/li><li><a href=\"https:\/\/mire.gob.pa\/ministerio\/develacion-de-placa\/\" aria-label=\"DEVELACI\u00d3N DE PLACA\" class=\"hover-type-none\"><img loading=\"lazy\" decoding=\"async\" width=\"1280\" height=\"853\" src=\"https:\/\/mire.gob.pa\/ministerio\/wp-content\/uploads\/2023\/12\/1.jpg\" class=\"attachment-full size-full\" alt=\"\" srcset=\"https:\/\/mire.gob.pa\/ministerio\/wp-content\/uploads\/2023\/12\/1-200x133.jpg 200w, https:\/\/mire.gob.pa\/ministerio\/wp-content\/uploads\/2023\/12\/1-400x267.jpg 400w, https:\/\/mire.gob.pa\/ministerio\/wp-content\/uploads\/2023\/12\/1-600x400.jpg 600w, https:\/\/mire.gob.pa\/ministerio\/wp-content\/uploads\/2023\/12\/1-800x533.jpg 800w, https:\/\/mire.gob.pa\/ministerio\/wp-content\/uploads\/2023\/12\/1-1200x800.jpg 1200w, https:\/\/mire.gob.pa\/ministerio\/wp-content\/uploads\/2023\/12\/1.jpg 1280w\" sizes=\"(min-width: 2200px) 100vw, (min-width: 712px) 585px, (min-width: 640px) 712px, \" \/><\/a><\/li><li><a href=\"https:\/\/mire.gob.pa\/ministerio\/develacion-de-placa\/\" aria-label=\"DEVELACI\u00d3N DE PLACA\" class=\"hover-type-none\"><img loading=\"lazy\" decoding=\"async\" width=\"620\" height=\"463\" src=\"https:\/\/mire.gob.pa\/ministerio\/wp-content\/uploads\/2023\/12\/01.jpg\" class=\"attachment-full size-full\" alt=\"\" srcset=\"https:\/\/mire.gob.pa\/ministerio\/wp-content\/uploads\/2023\/12\/01-200x149.jpg 200w, https:\/\/mire.gob.pa\/ministerio\/wp-content\/uploads\/2023\/12\/01-400x299.jpg 400w, https:\/\/mire.gob.pa\/ministerio\/wp-content\/uploads\/2023\/12\/01-600x448.jpg 600w, https:\/\/mire.gob.pa\/ministerio\/wp-content\/uploads\/2023\/12\/01.jpg 620w\" sizes=\"(min-width: 2200px) 100vw, (min-width: 712px) 585px, (min-width: 640px) 712px, \" \/><\/a><\/li><li><a href=\"https:\/\/mire.gob.pa\/ministerio\/develacion-de-placa\/\" aria-label=\"DEVELACI\u00d3N DE PLACA\" class=\"hover-type-none\"><img loading=\"lazy\" decoding=\"async\" width=\"1176\" height=\"924\" src=\"https:\/\/mire.gob.pa\/ministerio\/wp-content\/uploads\/2023\/12\/02.jpg\" class=\"attachment-full size-full\" alt=\"\" srcset=\"https:\/\/mire.gob.pa\/ministerio\/wp-content\/uploads\/2023\/12\/02-200x157.jpg 200w, https:\/\/mire.gob.pa\/ministerio\/wp-content\/uploads\/2023\/12\/02-400x314.jpg 400w, https:\/\/mire.gob.pa\/ministerio\/wp-content\/uploads\/2023\/12\/02-600x471.jpg 600w, https:\/\/mire.gob.pa\/ministerio\/wp-content\/uploads\/2023\/12\/02-800x629.jpg 800w, https:\/\/mire.gob.pa\/ministerio\/wp-content\/uploads\/2023\/12\/02.jpg 1176w\" sizes=\"(min-width: 2200px) 100vw, (min-width: 712px) 585px, (min-width: 640px) 712px, \" \/><\/a><\/li><li><a href=\"https:\/\/mire.gob.pa\/ministerio\/develacion-de-placa\/\" aria-label=\"DEVELACI\u00d3N DE PLACA\" class=\"hover-type-none\"><img loading=\"lazy\" decoding=\"async\" width=\"1280\" height=\"853\" src=\"https:\/\/mire.gob.pa\/ministerio\/wp-content\/uploads\/2023\/12\/2.jpg\" class=\"attachment-full size-full\" alt=\"\" srcset=\"https:\/\/mire.gob.pa\/ministerio\/wp-content\/uploads\/2023\/12\/2-200x133.jpg 200w, https:\/\/mire.gob.pa\/ministerio\/wp-content\/uploads\/2023\/12\/2-400x267.jpg 400w, https:\/\/mire.gob.pa\/ministerio\/wp-content\/uploads\/2023\/12\/2-600x400.jpg 600w, https:\/\/mire.gob.pa\/ministerio\/wp-content\/uploads\/2023\/12\/2-800x533.jpg 800w, https:\/\/mire.gob.pa\/ministerio\/wp-content\/uploads\/2023\/12\/2-1200x800.jpg 1200w, https:\/\/mire.gob.pa\/ministerio\/wp-content\/uploads\/2023\/12\/2.jpg 1280w\" sizes=\"(min-width: 2200px) 100vw, (min-width: 712px) 585px, (min-width: 640px) 712px, \" \/><\/a><\/li><li><a href=\"https:\/\/mire.gob.pa\/ministerio\/develacion-de-placa\/\" aria-label=\"DEVELACI\u00d3N DE PLACA\" class=\"hover-type-none\"><img loading=\"lazy\" decoding=\"async\" width=\"1280\" height=\"853\" src=\"https:\/\/mire.gob.pa\/ministerio\/wp-content\/uploads\/2023\/12\/3.jpg\" class=\"attachment-full size-full\" alt=\"\" srcset=\"https:\/\/mire.gob.pa\/ministerio\/wp-content\/uploads\/2023\/12\/3-200x133.jpg 200w, https:\/\/mire.gob.pa\/ministerio\/wp-content\/uploads\/2023\/12\/3-400x267.jpg 400w, https:\/\/mire.gob.pa\/ministerio\/wp-content\/uploads\/2023\/12\/3-600x400.jpg 600w, https:\/\/mire.gob.pa\/ministerio\/wp-content\/uploads\/2023\/12\/3-800x533.jpg 800w, https:\/\/mire.gob.pa\/ministerio\/wp-content\/uploads\/2023\/12\/3-1200x800.jpg 1200w, https:\/\/mire.gob.pa\/ministerio\/wp-content\/uploads\/2023\/12\/3.jpg 1280w\" sizes=\"(min-width: 2200px) 100vw, (min-width: 712px) 585px, (min-width: 640px) 712px, \" \/><\/a><\/li><\/ul><\/div><div class=\"recent-posts-content\"><span class=\"vcard\" style=\"display: none;\"><span class=\"fn\"><a href=\"https:\/\/mire.gob.pa\/ministerio\/author\/jbagonzalez\/\" title=\"Entradas de jbagonzalez\" rel=\"author\">jbagonzalez<\/a><\/span><\/span><span class=\"updated\" style=\"display:none;\">2023-12-05T06:07:00-05:00<\/span><h4 class=\"entry-title\"><a href=\"https:\/\/mire.gob.pa\/ministerio\/develacion-de-placa\/\">DEVELACI\u00d3N DE PLACA<\/a><\/h4><p class=\"meta\"><span class=\"vcard\" style=\"display: none;\"><span class=\"fn\"><a href=\"https:\/\/mire.gob.pa\/ministerio\/author\/jbagonzalez\/\" title=\"Entradas de jbagonzalez\" rel=\"author\">jbagonzalez<\/a><\/span><\/span><span class=\"updated\" style=\"display:none;\">2023-12-05T06:07:00-05:00<\/span><span>diciembre 5, 2023<\/span><span class=\"fusion-inline-sep\">|<\/span><span class=\"fusion-comments\"><a href=\"https:\/\/mire.gob.pa\/ministerio\/develacion-de-placa\/#respond\">0 Comments<\/a><\/span><\/p><p>Durante el evento de develaci\u00f3n de placa, alusiva a la independencia de Panam\u00e1 de Espa\u00f1a, el Embajador de Panam\u00e1 en Lisboa, entreg\u00f3 un Pergamino de Reconocimiento a S.S. Elida Garc\u00eda de Paredes, por servir con [leer m\u00e1s]<\/p><\/div><\/article><\/section><\/div><div class=\"fusion-clearfix\"><\/div><\/div><\/div><div class=\"fusion-layout-column fusion_builder_column fusion-builder-column-2 fusion_builder_column_1_5 1_5 fusion-one-fifth fusion-column-last\" style=\"--awb-bg-size:cover;width:20%;width:calc(20% - ( ( 4% + 4% ) * 0.2 ) );\"><div class=\"fusion-column-wrapper fusion-column-has-shadow fusion-flex-column-wrapper-legacy\"><div class=\"fusion-title title fusion-title-3 fusion-sep-none fusion-title-text fusion-title-size-three\" style=\"--awb-margin-top:20px;--awb-margin-top-small:0px;--awb-margin-right-small:0px;--awb-margin-bottom-small:20px;--awb-margin-left-small:0px;\"><h3 class=\"fusion-title-heading title-heading-left\" style=\"margin:0;\"><h3><\/h3>\n<h3><strong>ENLACES DE INTER\u00c9S<\/strong><\/h3><\/h3><\/div><div class=\"fusion-text fusion-text-1\"><p><strong>Servicios consulares en l\u00ednea a trav\u00e9s del siguiente enlace:<\/strong><\/p>\n<\/div><div class=\"fusion-image-element in-legacy-container\" style=\"--awb-caption-title-font-family:var(--h2_typography-font-family);--awb-caption-title-font-weight:var(--h2_typography-font-weight);--awb-caption-title-font-style:var(--h2_typography-font-style);--awb-caption-title-size:var(--h2_typography-font-size);--awb-caption-title-transform:var(--h2_typography-text-transform);--awb-caption-title-line-height:var(--h2_typography-line-height);--awb-caption-title-letter-spacing:var(--h2_typography-letter-spacing);\"><span class=\" fusion-imageframe imageframe-none imageframe-1 hover-type-none\"><a class=\"fusion-no-lightbox\" href=\"http:\/\/sigob.mire.gob.pa\/Consular\/\" target=\"_self\" aria-label=\"sc (1)\"><img decoding=\"async\" width=\"203\" height=\"85\" src=\"https:\/\/mire.gob.pa\/ministerio\/wp-content\/uploads\/2019\/10\/sc-1.jpg\" alt class=\"img-responsive wp-image-715\" srcset=\"https:\/\/mire.gob.pa\/ministerio\/wp-content\/uploads\/2019\/10\/sc-1-200x84.jpg 200w, https:\/\/mire.gob.pa\/ministerio\/wp-content\/uploads\/2019\/10\/sc-1.jpg 203w\" sizes=\"(max-width: 800px) 100vw, 203px\" \/><\/a><\/span><\/div><div class=\"fusion-clearfix\"><\/div><\/div><\/div>\n<\/div><\/div>\n","protected":false},"excerpt":{"rendered":"","protected":false},"author":1,"featured_media":0,"parent":0,"menu_order":0,"comment_status":"closed","ping_status":"closed","template":"","meta":{"footnotes":""},"class_list":["post-256","page","type-page","status-publish","hentry"],"_links":{"self":[{"href":"https:\/\/mire.gob.pa\/ministerio\/wp-json\/wp\/v2\/pages\/256","targetHints":{"allow":["GET"]}}],"collection":[{"href":"https:\/\/mire.gob.pa\/ministerio\/wp-json\/wp\/v2\/pages"}],"about":[{"href":"https:\/\/mire.gob.pa\/ministerio\/wp-json\/wp\/v2\/types\/page"}],"author":[{"embeddable":true,"href":"https:\/\/mire.gob.pa\/ministerio\/wp-json\/wp\/v2\/users\/1"}],"replies":[{"embeddable":true,"href":"https:\/\/mire.gob.pa\/ministerio\/wp-json\/wp\/v2\/comments?post=256"}],"version-history":[{"count":15,"href":"https:\/\/mire.gob.pa\/ministerio\/wp-json\/wp\/v2\/pages\/256\/revisions"}],"predecessor-version":[{"id":2931,"href":"https:\/\/mire.gob.pa\/ministerio\/wp-json\/wp\/v2\/pages\/256\/revisions\/2931"}],"wp:attachment":[{"href":"https:\/\/mire.gob.pa\/ministerio\/wp-json\/wp\/v2\/media?parent=256"}],"curies":[{"name":"wp","href":"https:\/\/api.w.org\/{rel}","templated":true}]}}